{"id":3100,"date":"2026-09-01T22:51:45","date_gmt":"2026-09-01T22:51:45","guid":{"rendered":"https:\/\/ebsmelgaco.com\/wpebs1\/?page_id=3100"},"modified":"2026-09-01T23:00:14","modified_gmt":"2026-09-01T23:00:14","slug":"calendario-escolar-2026-2027","status":"publish","type":"page","link":"https:\/\/ebsmelgaco.com\/wpebs1\/calendario-escolar-2026-2027\/","title":{"rendered":"Calend\u00e1rio Escolar &#8211; 2026\/2027"},"content":{"rendered":"\n<p>O Calend\u00e1rio Escolar para o ano letivo 2026\/2027 encontra-se publicado no Despacho n.\u00ba 8368\/2024, de 25 de julho de 2024, alterado pelos Despachos n.\u00ba 9989\/2025 e n.\u00ba 10430\/2026<\/p>\n<table style=\"width: 100.083%;\">\n<tbody>\n<tr>\n<td style=\"width: 100%;\">\n<p><strong>\u00bb\u00a0 1.\u00ba Per\u00edodo<\/strong><br \/><span style=\"color: #ffffff;\">.<\/span>\u00a0 \u00a0In\u00edcio:\u00a0 \u00a0 \u00a015 de setembro de 2026 \/ 21 de setembro de 2026 (ESR)<br \/><span style=\"color: #ffffff;\">.<\/span>\u00a0 \u00a0Termo:\u00a0 \u00a015 de dezembro de 2026<\/p>\n<\/td>\n<\/tr>\n<\/tbody>\n<\/table>\n<table style=\"width: 100%; height: 105px;\">\n<tbody>\n<tr style=\"height: 105px;\">\n<td style=\"height: 105px;\">\n<p><strong>\u00bb\u00a0 2.\u00ba Per\u00edodo<\/strong><br \/><span style=\"color: #ffffff;\">.<\/span>\u00a0 \u00a0In\u00edcio:\u00a0 \u00a0 \u00a004 de janeiro de 2027<br \/><span style=\"color: #ffffff;\">.<\/span>\u00a0 \u00a0Termo:\u00a0 \u00a0 19 de mar\u00e7o de 2027<\/p>\n<\/td>\n<\/tr>\n<\/tbody>\n<\/table>\n<table style=\"width: 100.221%;\">\n<tbody>\n<tr>\n<td style=\"width: 100%;\">\n<p><strong>\u00bb\u00a0 3.\u00ba Per\u00edodo<\/strong><br \/><span style=\"color: #ffffff;\">.<\/span>\u00a0 \u00a0In\u00edcio:\u00a0 \u00a0 \u00a005 de abril de 2027<br \/><span style=\"color: #ffffff;\">.<\/span>\u00a0 \u00a0Termo:\u00a0 \u00a004 de junho de 2027\u00a0 \u00a0&#8211;\u00a0 \u00a09.\u00ba, 11.\u00ba e 12.\u00ba anos<br \/><span style=\"color: #ffffff;\">.<\/span>\u00a0 \u00a0 \u00a0 \u00a0 \u00a0 \u00a0 \u00a0 \u00a0 \u00a011 de junho de 2027\u00a0 \u00a0&#8211;\u00a0 5.\u00ba, 6.\u00ba, 7.\u00ba, 8.\u00ba e 10.\u00ba anos<br \/><span style=\"color: #ffffff;\">.<\/span>\u00a0 \u00a0 \u00a0 \u00a0 \u00a0 \u00a0 \u00a0 \u00a0 \u00a030 de junho de 2027\u00a0 \u00a0&#8211;\u00a0 \u00a0Educa\u00e7\u00e3o pr\u00e9-escolar e 1.\u00ba ciclo do Ensino B\u00e1sico.<\/p>\n<\/td>\n<\/tr>\n<\/tbody>\n<\/table>\n<table style=\"width: 100.476%;\">\n<tbody>\n<tr>\n<td style=\"width: 100%;\">\n<p><strong>\u00bb\u00a0 Interrup\u00e7\u00f5es letivas<\/strong><br \/><span style=\"color: #ffffff;\">.<\/span>\u00a0 \u00a0Natal:\u00a0 \u00a0 \u00a0 \u00a0 \u00a016 a 31 de dezembro de 2026<br \/><span style=\"color: #ffffff;\">.<\/span>\u00a0 \u00a0Carnaval:\u00a0 \u00a008 a 10 de fevereiro de 2027\u00a0<br \/><span style=\"color: #ffffff;\">.<\/span>\u00a0 \u00a0P\u00e1scoa:\u00a0 \u00a0 \u00a0 22 de mar\u00e7o a 02 de abril de 2027<\/p>\n<\/td>\n<\/tr>\n<\/tbody>\n<\/table>\n<p><strong>\u00bb\u00a0 Informa\u00e7\u00f5es complementares<\/strong><\/p>\n<table style=\"height: 84px; width: 100%; border-collapse: collapse;\" border=\"0\">\n<tbody>\n<tr style=\"height: 21px;\">\n<td style=\"width: 16.6667%; height: 21px; text-align: center; vertical-align: middle; background-color: #acdbfc;\">Per\u00edodo<\/td>\n<td style=\"width: 16.6667%; height: 21px; text-align: center; vertical-align: middle; background-color: #acdbfc;\">Segundas<\/td>\n<td style=\"width: 16.6667%; height: 21px; text-align: center; vertical-align: middle; background-color: #acdbfc;\">Ter\u00e7as<\/td>\n<td style=\"width: 16.6667%; height: 21px; text-align: center; vertical-align: middle; background-color: #acdbfc;\">Quartas<\/td>\n<td style=\"width: 16.6667%; height: 21px; text-align: center; vertical-align: middle; background-color: #acdbfc;\">Quintas<\/td>\n<td style=\"width: 16.6667%; height: 21px; text-align: center; vertical-align: middle; background-color: #acdbfc;\">Sextas<\/td>\n<\/tr>\n<tr style=\"height: 21px;\">\n<td style=\"width: 16.6667%; height: 21px; text-align: center; vertical-align: middle;\">1.\u00ba<\/td>\n<td style=\"width: 16.6667%; height: 21px; text-align: center; vertical-align: middle;\">10<\/td>\n<td style=\"width: 16.6667%; height: 21px; text-align: center; vertical-align: middle;\">13\/12<\/td>\n<td style=\"width: 16.6667%; height: 21px; text-align: center; vertical-align: middle;\">13\/12<\/td>\n<td style=\"width: 16.6667%; height: 21px; text-align: center; vertical-align: middle;\">13\/12<\/td>\n<td style=\"width: 16.6667%; height: 21px; text-align: center; vertical-align: middle;\">13\/12<\/td>\n<\/tr>\n<tr style=\"height: 21px;\">\n<td style=\"width: 16.6667%; height: 21px; text-align: center; vertical-align: middle;\">2.\u00ba<\/td>\n<td style=\"width: 16.6667%; height: 21px; text-align: center; vertical-align: middle;\">10<\/td>\n<td style=\"width: 16.6667%; height: 21px; text-align: center; vertical-align: middle;\">10<\/td>\n<td style=\"width: 16.6667%; height: 21px; text-align: center; vertical-align: middle;\">10<\/td>\n<td style=\"width: 16.6667%; height: 21px; text-align: center; vertical-align: middle;\">11<\/td>\n<td style=\"width: 16.6667%; height: 21px; text-align: center; vertical-align: middle;\">11<\/td>\n<\/tr>\n<tr style=\"height: 21px;\">\n<td style=\"width: 16.6667%; height: 21px; text-align: center; vertical-align: middle;\">3.\u00ba<\/td>\n<td style=\"width: 16.6667%; height: 21px; text-align: center; vertical-align: middle;\">9\/10\/13<\/td>\n<td style=\"width: 16.6667%; height: 21px; text-align: center; vertical-align: middle;\">9\/10\/13<\/td>\n<td style=\"width: 16.6667%; height: 21px; text-align: center; vertical-align: middle;\">9\/10\/13<\/td>\n<td style=\"width: 16.6667%; height: 21px; text-align: center; vertical-align: middle;\">7\/7\/9<\/td>\n<td style=\"width: 16.6667%; height: 21px; text-align: center; vertical-align: middle;\">9\/10\/12<\/td>\n<\/tr>\n<\/tbody>\n<\/table>\n<p>&nbsp;<\/p>\n\n\n\n<p class=\"has-tertiary-background-color has-background wp-block-paragraph\">\u00bb\u00a0 <a href=\"https:\/\/ebsmelgaco.com\/wpebs1\/wp-content\/uploads\/Depacho_8368-2024.pdf\" target=\"_blank\" rel=\"noreferrer noopener\">Calend\u00e1rio Escolar &#8211; Despacho n.\u00ba 8368\/2024<\/a><br>\u00bb\u00a0\u00a0<a href=\"https:\/\/ebsmelgaco.com\/wpebs1\/wp-content\/uploads\/Despacho_n9989-2025.pdf\" target=\"_blank\" rel=\"noreferrer noopener\">Altera\u00e7\u00e3o do Calend\u00e1rio Escolar &#8211; Despacho n.\u00ba 9989\/2025<\/a><br>\u00bb\u00a0\u00a0<a href=\"https:\/\/ebsmelgaco.com\/wpebs1\/wp-content\/uploads\/Despacho_N10430_2026.pdf\" target=\"_blank\" rel=\"noopener\">Segunda altera\u00e7\u00e3o do Calend\u00e1rio Escolar &#8211; Despacho n.\u00ba 10430\/2026<\/a><br>\u00bb\u00a0 <a href=\"https:\/\/ebsmelgaco.com\/wpebs1\/wp-content\/uploads\/Calendario-Escolar-A-2026-2027-V06.pdf\" target=\"_blank\" rel=\"noopener\">Calend\u00e1rio para uso escolar<\/a><\/p>\n","protected":false},"excerpt":{"rendered":"<p>O Calend\u00e1rio Escolar para o ano letivo 2026\/2027 encontra-se publicado no Despacho n.\u00ba 8368\/2024, de 25 de julho de 2024, alterado pelos Despachos n.\u00ba 9989\/2025 e n.\u00ba 10430\/2026 \u00bb\u00a0 1.\u00ba Per\u00edodo.\u00a0 \u00a0In\u00edcio:\u00a0 \u00a0 \u00a015 de setembro de 2026 \/ 21 de setembro de 2026 (ESR).\u00a0 \u00a0Termo:\u00a0 \u00a015 de dezembro de 2026 \u00bb\u00a0 2.\u00ba Per\u00edodo.\u00a0 \u00a0In\u00edcio:\u00a0 [&hellip;]<\/p>\n","protected":false},"author":1,"featured_media":0,"parent":0,"menu_order":0,"comment_status":"closed","ping_status":"closed","template":"","meta":{"footnotes":""},"class_list":["post-3100","page","type-page","status-publish","hentry"],"_links":{"self":[{"href":"https:\/\/ebsmelgaco.com\/wpebs1\/wp-json\/wp\/v2\/pages\/3100","targetHints":{"allow":["GET"]}}],"collection":[{"href":"https:\/\/ebsmelgaco.com\/wpebs1\/wp-json\/wp\/v2\/pages"}],"about":[{"href":"https:\/\/ebsmelgaco.com\/wpebs1\/wp-json\/wp\/v2\/types\/page"}],"author":[{"embeddable":true,"href":"https:\/\/ebsmelgaco.com\/wpebs1\/wp-json\/wp\/v2\/users\/1"}],"replies":[{"embeddable":true,"href":"https:\/\/ebsmelgaco.com\/wpebs1\/wp-json\/wp\/v2\/comments?post=3100"}],"version-history":[{"count":5,"href":"https:\/\/ebsmelgaco.com\/wpebs1\/wp-json\/wp\/v2\/pages\/3100\/revisions"}],"predecessor-version":[{"id":3192,"href":"https:\/\/ebsmelgaco.com\/wpebs1\/wp-json\/wp\/v2\/pages\/3100\/revisions\/3192"}],"wp:attachment":[{"href":"https:\/\/ebsmelgaco.com\/wpebs1\/wp-json\/wp\/v2\/media?parent=3100"}],"curies":[{"name":"wp","href":"https:\/\/api.w.org\/{rel}","templated":true}]}}