{"id":266,"date":"2025-04-09T19:39:52","date_gmt":"2025-04-09T19:39:52","guid":{"rendered":"https:\/\/ebsmelgaco.com\/wpebs1\/?page_id=266"},"modified":"2025-06-12T21:36:11","modified_gmt":"2025-06-12T21:36:11","slug":"calendario-escolar-2024-2025","status":"publish","type":"page","link":"https:\/\/ebsmelgaco.com\/wpebs1\/calendario-escolar-2024-2025\/","title":{"rendered":"Calend\u00e1rio Escolar &#8211; 2024\/2025"},"content":{"rendered":"\n<p>O calend\u00e1rio escolar para o ano letivo 2024\/2025 encontra-se publicado no Despacho n.\u00ba 8368\/2024, de 25 de julho de 2024.<\/p>\n<table style=\"border-collapse: collapse; width: 100%;\">\n<tbody>\n<tr>\n<td style=\"width: 100%;\">\n<p><span style=\"font-size: 13pt;\"><strong>\u00bb\u00a0 1.\u00ba Per\u00edodo<\/strong><\/span><span style=\"color: #10a668; font-size: 13pt;\"><br \/><\/span><span style=\"font-size: 13pt;\"><span style=\"color: #ffffff;\">.<\/span>\u00a0 \u00a0In\u00edcio:\u00a0 \u00a0 \u00a012 de setembro de 2024<\/span><br \/><span style=\"font-size: 13pt;\"><span style=\"color: #ffffff;\">.<\/span>\u00a0 \u00a0Termo:\u00a0 \u00a017 de dezembro de 2024<\/span><\/p>\n<\/td>\n<\/tr>\n<\/tbody>\n<\/table>\n<table style=\"border-collapse: collapse; width: 100%;\">\n<tbody>\n<tr>\n<td style=\"width: 100%;\">\n<p><strong><span style=\"font-size: 13pt;\">\u00bb\u00a0 2.\u00ba Per\u00edodo<\/span><\/strong><span style=\"color: #10a668; font-size: 13pt;\"><br \/><\/span><span style=\"font-size: 13pt;\"><span style=\"color: #ffffff;\">.<\/span>\u00a0 \u00a0In\u00edcio:\u00a0 \u00a0 \u00a006 de janeiro de 2025<br \/><span style=\"color: #ffffff;\">.<\/span>\u00a0 \u00a0Termo:\u00a0 \u00a004 de abril de 2025<\/span><span style=\"font-size: 13pt;\"><span style=\"color: #ffffff;\">.<\/span><\/span><\/p>\n<\/td>\n<\/tr>\n<\/tbody>\n<\/table>\n<table style=\"border-collapse: collapse; width: 100%;\">\n<tbody>\n<tr>\n<td style=\"width: 100%;\">\n<p><span style=\"font-size: 13pt;\"><strong>\u00bb\u00a0 3.\u00ba Per\u00edodo<\/strong><\/span><span style=\"color: #10a668; font-size: 13pt;\"><br \/><\/span><span style=\"color: #ffffff;\">.\u00a0<\/span> \u00a0In\u00edcio:\u00a0 \u00a0 \u00a022 de abril de 2025<br \/><span style=\"color: #ffffff;\">.<\/span>\u00a0 \u00a0Termo:\u00a0 \u00a006 de junho de 2025\u00a0 \u00a0&#8211;\u00a0 \u00a09.\u00ba, 11.\u00ba e 12.\u00ba anos<br \/><span style=\"color: #ffffff;\">.<\/span>\u00a0 \u00a0 \u00a0 \u00a0 \u00a0 \u00a0 \u00a0 \u00a0 \u00a0 \u00a0 \u00a013 de junho de 2025\u00a0 \u00a0&#8211;\u00a0 5.\u00ba, 6.\u00ba, 7.\u00ba, 8.\u00ba e 10.\u00ba anos<br \/><span style=\"color: #ffffff;\">.<\/span>\u00a0 \u00a0 \u00a0 \u00a0 \u00a0 \u00a0 \u00a0 \u00a0 \u00a0 \u00a0 \u00a027 de junho de 2025\u00a0 \u00a0&#8211;\u00a0 \u00a0Educa\u00e7\u00e3o pr\u00e9-escolar e 1.\u00ba ciclo do Ensino B\u00e1sico<span style=\"font-size: 13pt;\"><span style=\"color: #ffffff;\">.<\/span><\/span><\/p>\n<\/td>\n<\/tr>\n<\/tbody>\n<\/table>\n<table style=\"border-collapse: collapse; width: 100%;\">\n<tbody>\n<tr>\n<td style=\"width: 100%;\">\n<p><strong><span style=\"font-size: 13pt;\">\u00bb\u00a0 Interrup\u00e7\u00f5es letivas<\/span><\/strong><span style=\"color: #10a668; font-size: 13pt;\"><br \/><\/span><span style=\"font-size: 13pt;\"><span style=\"color: #ffffff;\">.<\/span>\u00a0 \u00a0Natal:\u00a0 \u00a0 \u00a0 \u00a0 \u00a018 de dezembro de 2024 a 3 de janeiro de 2025<\/span><br \/><span style=\"font-size: 13pt;\"><span style=\"color: #ffffff;\">.<\/span>\u00a0 \u00a0Carnaval:\u00a0 \u00a003 a 05 de mar\u00e7o de 2025\u00a0<\/span><br \/><span style=\"font-size: 13pt;\"><span style=\"color: #ffffff;\">.<\/span>\u00a0 \u00a0P\u00e1scoa:\u00a0 \u00a0 \u00a0 07 de abril a 21 de abril de 2025<\/span><\/p>\n<\/td>\n<\/tr>\n<\/tbody>\n<\/table>\n<p><strong>\u00bb\u00a0 Informa\u00e7\u00f5es complementares<\/strong><\/p>\n<table style=\"height: 84px; width: 100%; border-collapse: collapse;\" border=\"0\">\n<tbody>\n<tr style=\"height: 21px;\">\n<td style=\"width: 16.6667%; height: 21px; text-align: center; vertical-align: middle; background-color: #ffffcc;\">Per\u00edodo<\/td>\n<td style=\"width: 16.6667%; height: 21px; text-align: center; vertical-align: middle; background-color: #ffffcc;\">Segundas<\/td>\n<td style=\"width: 16.6667%; height: 21px; text-align: center; vertical-align: middle; background-color: #ffffcc;\">Ter\u00e7as<\/td>\n<td style=\"width: 16.6667%; height: 21px; text-align: center; vertical-align: middle; background-color: #ffffcc;\">Quartas<\/td>\n<td style=\"width: 16.6667%; height: 21px; text-align: center; vertical-align: middle; background-color: #ffffcc;\">Quintas<\/td>\n<td style=\"width: 16.6667%; height: 21px; text-align: center; vertical-align: middle; background-color: #ffffcc;\">Sextas<\/td>\n<\/tr>\n<tr style=\"height: 21px;\">\n<td style=\"width: 16.6667%; height: 21px; text-align: center; vertical-align: middle;\">1.\u00ba<\/td>\n<td style=\"width: 16.6667%; height: 21px; text-align: center; vertical-align: middle;\">14<\/td>\n<td style=\"width: 16.6667%; height: 21px; text-align: center; vertical-align: middle;\">14<\/td>\n<td style=\"width: 16.6667%; height: 21px; text-align: center; vertical-align: middle;\">13<\/td>\n<td style=\"width: 16.6667%; height: 21px; text-align: center; vertical-align: middle;\">14<\/td>\n<td style=\"width: 16.6667%; height: 21px; text-align: center; vertical-align: middle;\">13<\/td>\n<\/tr>\n<tr style=\"height: 21px;\">\n<td style=\"width: 16.6667%; height: 21px; text-align: center; vertical-align: middle;\">2.\u00ba<\/td>\n<td style=\"width: 16.6667%; height: 21px; text-align: center; vertical-align: middle;\">12<\/td>\n<td style=\"width: 16.6667%; height: 21px; text-align: center; vertical-align: middle;\">13<\/td>\n<td style=\"width: 16.6667%; height: 21px; text-align: center; vertical-align: middle;\">13<\/td>\n<td style=\"width: 16.6667%; height: 21px; text-align: center; vertical-align: middle;\">14<\/td>\n<td style=\"width: 16.6667%; height: 21px; text-align: center; vertical-align: middle;\">13<\/td>\n<\/tr>\n<tr style=\"height: 21px;\">\n<td style=\"width: 16.6667%; height: 21px; text-align: center; vertical-align: middle;\">3.\u00ba<\/td>\n<td style=\"width: 16.6667%; height: 21px; text-align: center; vertical-align: middle;\">6\/7\/9<\/td>\n<td style=\"width: 16.6667%; height: 21px; text-align: center; vertical-align: middle;\">6\/6\/8<\/td>\n<td style=\"width: 16.6667%; height: 21px; text-align: center; vertical-align: middle;\">6\/7\/9<\/td>\n<td style=\"width: 16.6667%; height: 21px; text-align: center; vertical-align: middle;\">4\/5\/6<\/td>\n<td style=\"width: 16.6667%; height: 21px; text-align: center; vertical-align: middle;\">6\/7\/9<\/td>\n<\/tr>\n<\/tbody>\n<\/table>\n\n\n\n<p class=\"has-tertiary-background-color has-background\" style=\"padding-right:var(--wp--preset--spacing--20);padding-left:var(--wp--preset--spacing--20)\">\u00bb\u00a0 <a href=\"https:\/\/ebsmelgaco.com\/wpebs1\/wp-content\/uploads\/Depacho_8368-2024.pdf\" target=\"_blank\" rel=\"noreferrer noopener\">Calend\u00e1rio Escolar &#8211; Despacho n.\u00ba 8368\/2024<\/a><br>\u00bb\u00a0 <a href=\"https:\/\/ebsmelgaco.com\/wpebs1\/wp-content\/uploads\/Calendario_Escolar_A_2024-2025.pdf\" target=\"_blank\" rel=\"noreferrer noopener\">Calend\u00e1rio para uso escolar<\/a><\/p>\n","protected":false},"excerpt":{"rendered":"<p>O calend\u00e1rio escolar para o ano letivo 2024\/2025 encontra-se publicado no Despacho n.\u00ba 8368\/2024, de 25 de julho de 2024. \u00bb\u00a0 1.\u00ba Per\u00edodo.\u00a0 \u00a0In\u00edcio:\u00a0 \u00a0 \u00a012 de setembro de 2024.\u00a0 \u00a0Termo:\u00a0 \u00a017 de dezembro de 2024 \u00bb\u00a0 2.\u00ba Per\u00edodo.\u00a0 \u00a0In\u00edcio:\u00a0 \u00a0 \u00a006 de janeiro de 2025.\u00a0 \u00a0Termo:\u00a0 \u00a004 de abril de 2025. \u00bb\u00a0 3.\u00ba Per\u00edodo.\u00a0 [&hellip;]<\/p>\n","protected":false},"author":1,"featured_media":0,"parent":0,"menu_order":0,"comment_status":"closed","ping_status":"closed","template":"","meta":{"footnotes":""},"class_list":["post-266","page","type-page","status-publish","hentry"],"_links":{"self":[{"href":"https:\/\/ebsmelgaco.com\/wpebs1\/wp-json\/wp\/v2\/pages\/266","targetHints":{"allow":["GET"]}}],"collection":[{"href":"https:\/\/ebsmelgaco.com\/wpebs1\/wp-json\/wp\/v2\/pages"}],"about":[{"href":"https:\/\/ebsmelgaco.com\/wpebs1\/wp-json\/wp\/v2\/types\/page"}],"author":[{"embeddable":true,"href":"https:\/\/ebsmelgaco.com\/wpebs1\/wp-json\/wp\/v2\/users\/1"}],"replies":[{"embeddable":true,"href":"https:\/\/ebsmelgaco.com\/wpebs1\/wp-json\/wp\/v2\/comments?post=266"}],"version-history":[{"count":30,"href":"https:\/\/ebsmelgaco.com\/wpebs1\/wp-json\/wp\/v2\/pages\/266\/revisions"}],"predecessor-version":[{"id":1814,"href":"https:\/\/ebsmelgaco.com\/wpebs1\/wp-json\/wp\/v2\/pages\/266\/revisions\/1814"}],"wp:attachment":[{"href":"https:\/\/ebsmelgaco.com\/wpebs1\/wp-json\/wp\/v2\/media?parent=266"}],"curies":[{"name":"wp","href":"https:\/\/api.w.org\/{rel}","templated":true}]}}